{"id":4294,"date":"2021-10-15T09:22:11","date_gmt":"2021-10-15T06:22:11","guid":{"rendered":"https:\/\/haen.fi\/palvelut\/"},"modified":"2024-09-17T10:02:19","modified_gmt":"2024-09-17T07:02:19","slug":"tjanster","status":"publish","type":"page","link":"https:\/\/haen.fi\/sv\/tjanster\/","title":{"rendered":"Tj\u00e4nster"},"content":{"rendered":"\r\n\r\n<section class=\"hero site-banner banner-bg-image section-default default alignfull image\">\r\n\r\n    <div class=\"site-banner-bg section-bg-image \" >\r\n\r\n        <img loading=\"lazy\" decoding=\"async\" width=\"1679\" height=\"1108\" src=\"https:\/\/haen.fi\/wp-content\/uploads\/2024\/05\/tausta-x.jpg\" class=\"attachment-1536\u00d71536 size-1536\u00d71536\" alt=\"Kirkkaankeltainen kiireet\u00f6n ambulanssi, jossa on punaiset ja mustat heijastinraidat, pys\u00e4k\u00f6ityn\u00e4 harmaan kerrostalon edess\u00e4. Auton kyljess\u00e4 lukee isoin valkoisin kirjaimin &quot;AMBULANSSI&quot; sek\u00e4 yksikk\u00f6tunnus. Kyljess\u00e4 n\u00e4kyy my\u00f6s &quot;HAEN&quot;-vaakuna, jossa on mustalla pohjalla l\u00e4\u00e4ketieteellinen symboli. Taustalla seisoo kaksi ensihoitajaa heijastintakeissa.\" srcset=\"https:\/\/haen.fi\/wp-content\/uploads\/2024\/05\/tausta-x.jpg 1679w, https:\/\/haen.fi\/wp-content\/uploads\/2024\/05\/tausta-x-300x198.jpg 300w, https:\/\/haen.fi\/wp-content\/uploads\/2024\/05\/tausta-x-1024x676.jpg 1024w, https:\/\/haen.fi\/wp-content\/uploads\/2024\/05\/tausta-x-768x507.jpg 768w, https:\/\/haen.fi\/wp-content\/uploads\/2024\/05\/tausta-x-1536x1014.jpg 1536w\" sizes=\"auto, (max-width: 1679px) 100vw, 1679px\" \/>\r\n        \r\n            <div class=\"site-banner-content container\">\r\n                <div class=\"row w-100\">\r\n                    <div class=\"col-md-12\">\r\n\r\n                        <h2 class=\"hero-title\">Tuon\u2026 Vien\u2026 HAEN<\/h2><div class=\"inner-content\">\r\n                            <div class=\"acf-innerblocks-container\">\n\n<p>M\u00e4nniskov\u00e4nlig och omedelbar ambulanstj\u00e4nst<\/p>\n\n<\/div>\r\n                        <\/div>                    <\/div>\r\n                <\/div>\r\n            <\/div>\r\n        \r\n        <\/div><\/section>\n\n\n<h1 class=\"wp-block-heading\">Tj\u00e4nster<\/h1>\n\n\n\n<div class=\"wp-block-columns is-layout-flex wp-container-core-columns-is-layout-9d6595d7 wp-block-columns-is-layout-flex\">\n<div class=\"wp-block-column is-layout-flow wp-block-column-is-layout-flow\" style=\"flex-basis:66.66%\">\n<h2 class=\"wp-block-heading\">Omedelbar sjuktransport och f\u00f6rbest\u00e4llningar<\/h2>\n\n\n\n<p>Vi utf\u00f6r ej akuta ambulanstj\u00e4nster, sjuktransporter och patientf\u00f6rflyttningar i huvudstadsregionen samt i \u00f6vriga Nyland och dess omgivningar. En l\u00e5ng transportstr\u00e4cka \u00e4r inget hinder f\u00f6r transporten om resan b\u00f6rjar eller slutar i huvudstadsregionen eller \u00f6vriga Nyland.<\/p>\n\n\n\n<p>FPA ers\u00e4tter st\u00f6rsta delen av belastningarna ifall FPA:s villkor f\u00f6r ers\u00e4ttning uppfylls, det vill s\u00e4ga n\u00e4r patienten \/ kunden \u00e4r folkbokf\u00f6rd i Finland, sjukf\u00f6rs\u00e4krad och hans eller hennes h\u00e4lsotillst\u00e5nd kr\u00e4ver ambulanstransport. Efter FPA-ers\u00e4ttningen \u00e5terst\u00e5r en sj\u00e4lvriskandel enligt g\u00e4llande lag och f\u00f6rordning, som f\u00f6r tillf\u00e4llet \u00e4r 25 euro.\u202f<\/p>\n\n\n\n<p>Sj\u00e4lvrisken f\u00f6r sjuktransport ackumuleras i samma h\u00f6gkostnadsskyddssystem hos FPA som motsvarande resor med taxi och handikapptaxi. Det \u00e5rliga h\u00f6gkostnadsskyddet f\u00f6r sj\u00e4lvriskandel f\u00f6r kunden \u00e4r f\u00f6r tillf\u00e4llet 300 euro. N\u00e4r detta belopp \u00e4r uppn\u00e5tt, beh\u00f6ver ingen sj\u00e4lvrisk betalas f\u00f6r ytterligare transporter, utan transportkostnaderna t\u00e4cks av FPA.<\/p>\n\n\n\n<p>F\u00f6r transporter som helt betalas av kunden, s\u00e5som flyttningar, bes\u00f6k eller resor till stugan, kan du beg\u00e4ra en separat offert. Priset best\u00e5r av den tid som anv\u00e4nds f\u00f6r transporten och den k\u00f6rda str\u00e4ckan.<\/p>\n\n\n\n<p><strong>Best\u00e4ll en omedelbar sjuktransport:\u202f<a href=\"tel:+35892221633\" title=\"\">09-2221633\u202f<\/a><\/strong><\/p>\n\n\n\n<h2 class=\"wp-block-heading\">Ledsagartj\u00e4nst<\/h2>\n\n\n\n<p>Vid best\u00e4llning av transport \u00e4r det m\u00f6jligt att avtala om att ambulanspersonalen sk\u00f6ter patientens \/ kundens \u00e4renden och \u00e4ven returtransporten. \u202fD\u00e5 beh\u00f6vs inte en skild ledsagare \u00e4ven om det vanligtvis skulle vara n\u00f6dv\u00e4ndigt till exempel p\u00e5 grund av en minnessjukdom.<\/p>\n\n\n\n<p>L\u00e5nga v\u00e4ntetider kan inte utf\u00f6ras utan separat ers\u00e4ttning, men en kort v\u00e4ntetid p\u00e5 20-30 minuter \u00e4r kostnadsfri n\u00e4r det har avtalats i f\u00f6rv\u00e4g och v\u00e4ntan \u00e4r n\u00f6dv\u00e4ndig f\u00f6r patientens \/ kundens h\u00e4lsotillst\u00e5nd.<\/p>\n\n\n\n<p><strong>F\u00f6rbokningar och ej akut sjuktransport:\u202f<a href=\"tel:+35892221633\" title=\"\">09-2221633<\/a><\/strong><\/p>\n<\/div>\n\n\n\n<div class=\"wp-block-column is-layout-flow wp-block-column-is-layout-flow\" style=\"flex-basis:33.33%\">\n<figure class=\"wp-block-image size-full\"><img loading=\"lazy\" decoding=\"async\" width=\"768\" height=\"584\" src=\"https:\/\/haen.fi\/wp-content\/uploads\/2024\/05\/haenlogopieni-1-768x5841-1.png\" alt=\"\" class=\"wp-image-4205\" srcset=\"https:\/\/haen.fi\/wp-content\/uploads\/2024\/05\/haenlogopieni-1-768x5841-1.png 768w, https:\/\/haen.fi\/wp-content\/uploads\/2024\/05\/haenlogopieni-1-768x5841-1-300x228.png 300w\" sizes=\"auto, (max-width: 768px) 100vw, 768px\" \/><\/figure>\n\n\n\n<figure class=\"wp-block-image size-full\"><img loading=\"lazy\" decoding=\"async\" width=\"644\" height=\"483\" src=\"https:\/\/haen.fi\/wp-content\/uploads\/2024\/05\/ambulanssivasenkylkipieni-nostot-haen-oy-edited.png\" alt=\"\" class=\"wp-image-4264\" srcset=\"https:\/\/haen.fi\/wp-content\/uploads\/2024\/05\/ambulanssivasenkylkipieni-nostot-haen-oy-edited.png 644w, https:\/\/haen.fi\/wp-content\/uploads\/2024\/05\/ambulanssivasenkylkipieni-nostot-haen-oy-edited-300x225.png 300w\" sizes=\"auto, (max-width: 644px) 100vw, 644px\" \/><\/figure>\n<\/div>\n<\/div>\n","protected":false},"excerpt":{"rendered":"<p>Tj\u00e4nster Omedelbar sjuktransport och f\u00f6rbest\u00e4llningar Vi utf\u00f6r ej akuta ambulanstj\u00e4nster, sjuktransporter och patientf\u00f6rflyttningar i huvudstadsregionen samt i \u00f6vriga Nyland och dess omgivningar. En l\u00e5ng transportstr\u00e4cka \u00e4r inget hinder f\u00f6r transporten om resan b\u00f6rjar eller slutar i huvudstadsregionen eller \u00f6vriga Nyland. FPA ers\u00e4tter st\u00f6rsta delen av belastningarna ifall FPA:s villkor f\u00f6r ers\u00e4ttning uppfylls, det vill s\u00e4ga [&hellip;]<\/p>\n","protected":false},"author":1,"featured_media":0,"parent":0,"menu_order":2,"comment_status":"closed","ping_status":"closed","template":"","meta":{"_acf_changed":false,"footnotes":""},"class_list":["post-4294","page","type-page","status-publish","hentry"],"acf":[],"aioseo_notices":[],"_links":{"self":[{"href":"https:\/\/haen.fi\/sv\/wp-json\/wp\/v2\/pages\/4294","targetHints":{"allow":["GET"]}}],"collection":[{"href":"https:\/\/haen.fi\/sv\/wp-json\/wp\/v2\/pages"}],"about":[{"href":"https:\/\/haen.fi\/sv\/wp-json\/wp\/v2\/types\/page"}],"author":[{"embeddable":true,"href":"https:\/\/haen.fi\/sv\/wp-json\/wp\/v2\/users\/1"}],"replies":[{"embeddable":true,"href":"https:\/\/haen.fi\/sv\/wp-json\/wp\/v2\/comments?post=4294"}],"version-history":[{"count":1,"href":"https:\/\/haen.fi\/sv\/wp-json\/wp\/v2\/pages\/4294\/revisions"}],"predecessor-version":[{"id":4296,"href":"https:\/\/haen.fi\/sv\/wp-json\/wp\/v2\/pages\/4294\/revisions\/4296"}],"wp:attachment":[{"href":"https:\/\/haen.fi\/sv\/wp-json\/wp\/v2\/media?parent=4294"}],"curies":[{"name":"wp","href":"https:\/\/api.w.org\/{rel}","templated":true}]}}