{"id":4301,"date":"2024-05-21T12:49:24","date_gmt":"2024-05-21T09:49:24","guid":{"rendered":"https:\/\/haen.fi\/muut-palvelut\/"},"modified":"2024-09-17T10:02:30","modified_gmt":"2024-09-17T07:02:30","slug":"andra-tjanster","status":"publish","type":"page","link":"https:\/\/haen.fi\/sv\/andra-tjanster\/","title":{"rendered":"Andra tj\u00e4nster"},"content":{"rendered":"\r\n\r\n<section class=\"hero site-banner banner-bg-image section-default default alignfull image\">\r\n\r\n    <div class=\"site-banner-bg section-bg-image \" >\r\n\r\n        <img loading=\"lazy\" decoding=\"async\" width=\"2560\" height=\"1441\" src=\"https:\/\/haen.fi\/wp-content\/uploads\/2024\/05\/koulutukset-scaled.jpg\" class=\"attachment-1536\u00d71536 size-1536\u00d71536\" alt=\"Henkil\u00f6 suorittaa paineluelvytyst\u00e4 nuken rintakeh\u00e4n p\u00e4\u00e4ll\u00e4 molemmat k\u00e4det lomittain asetettuina. Taustalla n\u00e4kyy lattia ja elvytett\u00e4v\u00e4n ruudullinen paita. Kuva kuvaa elvytyksen harjoittelua tai h\u00e4t\u00e4tilannetta.\" srcset=\"https:\/\/haen.fi\/wp-content\/uploads\/2024\/05\/koulutukset-scaled.jpg 2560w, https:\/\/haen.fi\/wp-content\/uploads\/2024\/05\/koulutukset-300x169.jpg 300w, https:\/\/haen.fi\/wp-content\/uploads\/2024\/05\/koulutukset-1024x576.jpg 1024w, https:\/\/haen.fi\/wp-content\/uploads\/2024\/05\/koulutukset-768x432.jpg 768w, https:\/\/haen.fi\/wp-content\/uploads\/2024\/05\/koulutukset-1536x864.jpg 1536w, https:\/\/haen.fi\/wp-content\/uploads\/2024\/05\/koulutukset-2048x1153.jpg 2048w\" sizes=\"auto, (max-width: 2560px) 100vw, 2560px\" \/>\r\n        \r\n            <div class=\"site-banner-content container\">\r\n                <div class=\"row w-100\">\r\n                    <div class=\"col-md-12\">\r\n\r\n                        <h2 class=\"hero-title\">Tuon\u2026 Vien\u2026 HAEN<\/h2><div class=\"inner-content\">\r\n                            <div class=\"acf-innerblocks-container\">\n\n<p>M\u00e4nniskov\u00e4nlig och omedelbar ambulanstj\u00e4nst<\/p>\n\n<\/div>\r\n                        <\/div>                    <\/div>\r\n                <\/div>\r\n            <\/div>\r\n        \r\n        <\/div><\/section>\n\n\n<h1 class=\"wp-block-heading\">Andra tj\u00e4nster<\/h1>\n\n\n\n<div class=\"wp-block-columns is-layout-flex wp-container-core-columns-is-layout-9d6595d7 wp-block-columns-is-layout-flex\">\n<div class=\"wp-block-column is-layout-flow wp-block-column-is-layout-flow\" style=\"flex-basis:66.66%\">\n<h2 class=\"wp-block-heading\">F\u00f6rsta Hj\u00e4lpen-jouren<\/h2>\n\n\n\n<p><strong>F\u00f6rs\u00e4kra s\u00e4kerheten i ditt offentliga evenemang.<\/strong> Hos oss kan du best\u00e4lla professionell personal som tar hand om s\u00e4kerheten samt uppr\u00e4tth\u00e5ller beredskap f\u00f6r f\u00f6rsta hj\u00e4lpen och akutsjukv\u00e5rd.<\/p>\n\n\n\n<p>Vi har beredskap att hj\u00e4lpa er med kartl\u00e4ggning och planering av f\u00f6rsta hj\u00e4lpen- eller akutsjukv\u00e5rdsberedskap samt att uppr\u00e4tta en f\u00f6rsta hj\u00e4lpen- eller akutsjukv\u00e5rdsplan f\u00f6r ert evenemang eller att utarbeta planen \u00e5t er.<\/p>\n\n\n\n<h2 class=\"wp-block-heading\">F\u00f6rsta Hj\u00e4lpen-utbildning<\/h2>\n\n\n\n<p>Alla har r\u00e4tt att f\u00e5 hj\u00e4lp, alla har en skyldighet att hj\u00e4lpa! Kan du agera i en f\u00f6rsta hj\u00e4lpen-situation?<\/p>\n\n\n\n<p>V\u00e5r f\u00f6rsta hj\u00e4lpen-utbildning ger grundl\u00e4ggande kunskaper i f\u00f6rsta hj\u00e4lpen f\u00f6r hela personalen och l\u00e4r ut r\u00e4tt handlingss\u00e4tt f\u00f6r situationer som kr\u00e4ver f\u00f6rsta hj\u00e4lpen. Grunderna till f\u00f6rsta hj\u00e4lpen l\u00e4rs ut genom intressanta exempel och \u00f6vningar.<\/p>\n\n\n\n<p>Vi har en stark bakgrund och kompetens i att anv\u00e4nda olika metoder i undervisningen. V\u00e5ra experter har designat och genomf\u00f6rt utbildningsl\u00f6sningar f\u00f6r m\u00e5nga olika branscher och utvecklingsbehov (s\u00e5som v\u00e5rd- och omsorgssektorn, s\u00e4kerhets-, r\u00e4ddningstj\u00e4nst-, luftfarts- och sj\u00f6transportsektorerna, samt natur- och turistn\u00e4ringen)<\/p>\n\n\n\n<p>Vi har ocks\u00e5 beredskap att hj\u00e4lpa er med kartl\u00e4ggning och planering av f\u00f6rsta hj\u00e4lpen-beredskap samt att uppr\u00e4tta en f\u00f6rsta hj\u00e4lpen-plan.<\/p>\n<\/div>\n\n\n\n<div class=\"wp-block-column is-layout-flow wp-block-column-is-layout-flow\">\n<figure class=\"wp-block-image size-large\"><img loading=\"lazy\" decoding=\"async\" width=\"1024\" height=\"684\" src=\"https:\/\/haen.fi\/wp-content\/uploads\/2024\/05\/yhteystiedot-haen-1024x684.jpg\" alt=\"\" class=\"wp-image-4236\" srcset=\"https:\/\/haen.fi\/wp-content\/uploads\/2024\/05\/yhteystiedot-haen-1024x684.jpg 1024w, https:\/\/haen.fi\/wp-content\/uploads\/2024\/05\/yhteystiedot-haen-300x200.jpg 300w, https:\/\/haen.fi\/wp-content\/uploads\/2024\/05\/yhteystiedot-haen-768x513.jpg 768w, https:\/\/haen.fi\/wp-content\/uploads\/2024\/05\/yhteystiedot-haen-1536x1025.jpg 1536w, https:\/\/haen.fi\/wp-content\/uploads\/2024\/05\/yhteystiedot-haen-2048x1367.jpg 2048w\" sizes=\"auto, (max-width: 1024px) 100vw, 1024px\" \/><\/figure>\n\n\n\n<figure class=\"wp-block-image size-large\"><img loading=\"lazy\" decoding=\"async\" width=\"1024\" height=\"683\" src=\"https:\/\/haen.fi\/wp-content\/uploads\/2024\/05\/ensiaputeltta-1024x683.jpg\" alt=\"\" class=\"wp-image-4253\" srcset=\"https:\/\/haen.fi\/wp-content\/uploads\/2024\/05\/ensiaputeltta-1024x683.jpg 1024w, https:\/\/haen.fi\/wp-content\/uploads\/2024\/05\/ensiaputeltta-300x200.jpg 300w, https:\/\/haen.fi\/wp-content\/uploads\/2024\/05\/ensiaputeltta-768x512.jpg 768w, https:\/\/haen.fi\/wp-content\/uploads\/2024\/05\/ensiaputeltta-1536x1024.jpg 1536w, https:\/\/haen.fi\/wp-content\/uploads\/2024\/05\/ensiaputeltta-2048x1366.jpg 2048w\" sizes=\"auto, (max-width: 1024px) 100vw, 1024px\" \/><\/figure>\n<\/div>\n<\/div>\n","protected":false},"excerpt":{"rendered":"<p>Andra tj\u00e4nster F\u00f6rsta Hj\u00e4lpen-jouren F\u00f6rs\u00e4kra s\u00e4kerheten i ditt offentliga evenemang. Hos oss kan du best\u00e4lla professionell personal som tar hand om s\u00e4kerheten samt uppr\u00e4tth\u00e5ller beredskap f\u00f6r f\u00f6rsta hj\u00e4lpen och akutsjukv\u00e5rd. Vi har beredskap att hj\u00e4lpa er med kartl\u00e4ggning och planering av f\u00f6rsta hj\u00e4lpen- eller akutsjukv\u00e5rdsberedskap samt att uppr\u00e4tta en f\u00f6rsta hj\u00e4lpen- eller akutsjukv\u00e5rdsplan f\u00f6r ert [&hellip;]<\/p>\n","protected":false},"author":1,"featured_media":0,"parent":0,"menu_order":4,"comment_status":"closed","ping_status":"closed","template":"","meta":{"_acf_changed":false,"footnotes":""},"class_list":["post-4301","page","type-page","status-publish","hentry"],"acf":[],"aioseo_notices":[],"_links":{"self":[{"href":"https:\/\/haen.fi\/sv\/wp-json\/wp\/v2\/pages\/4301","targetHints":{"allow":["GET"]}}],"collection":[{"href":"https:\/\/haen.fi\/sv\/wp-json\/wp\/v2\/pages"}],"about":[{"href":"https:\/\/haen.fi\/sv\/wp-json\/wp\/v2\/types\/page"}],"author":[{"embeddable":true,"href":"https:\/\/haen.fi\/sv\/wp-json\/wp\/v2\/users\/1"}],"replies":[{"embeddable":true,"href":"https:\/\/haen.fi\/sv\/wp-json\/wp\/v2\/comments?post=4301"}],"version-history":[{"count":1,"href":"https:\/\/haen.fi\/sv\/wp-json\/wp\/v2\/pages\/4301\/revisions"}],"predecessor-version":[{"id":4303,"href":"https:\/\/haen.fi\/sv\/wp-json\/wp\/v2\/pages\/4301\/revisions\/4303"}],"wp:attachment":[{"href":"https:\/\/haen.fi\/sv\/wp-json\/wp\/v2\/media?parent=4301"}],"curies":[{"name":"wp","href":"https:\/\/api.w.org\/{rel}","templated":true}]}}